{"id":18,"date":"2024-12-27T00:58:37","date_gmt":"2024-12-26T23:58:37","guid":{"rendered":"https:\/\/buryskova.cz\/?page_id=18"},"modified":"2026-04-24T09:47:31","modified_gmt":"2026-04-24T07:47:31","slug":"bio","status":"publish","type":"page","link":"https:\/\/buryskova.cz\/cz\/bio\/","title":{"rendered":"O mn\u011b"},"content":{"rendered":"\n<div class=\"wp-block-group expand-images has-global-padding is-layout-constrained wp-container-core-group-is-layout-81356f74 wp-block-group-is-layout-constrained\" style=\"border-right-color:var(--wp--preset--color--custom-purpurova);border-right-width:1px;padding-right:var(--wp--preset--spacing--10)\">\n<p>St\u00e1hn\u011bte si <a href=\"http:\/\/buryskova.cz\/wp-content\/uploads\/2026\/04\/CV_Buryskova_EN-6-1.pdf\" target=\"_blank\" rel=\"noreferrer noopener\">m\u016fj \u017eivotopis<\/a>.<\/p>\n\n\n\n\n\n<div class=\"wp-block-group has-global-padding is-layout-constrained wp-block-group-is-layout-constrained\">\n<figure data-wp-context=\"{&quot;imageId&quot;:&quot;69f1ea983f299&quot;}\" data-wp-interactive=\"core\/image\" data-wp-key=\"69f1ea983f299\" class=\"wp-block-image alignright size-medium is-style-rounded is-style-rounded--1 wp-lightbox-container\"><img loading=\"lazy\" decoding=\"async\" width=\"300\" height=\"169\" data-wp-class--hide=\"state.isContentHidden\" data-wp-class--show=\"state.isContentVisible\" data-wp-init=\"callbacks.setButtonStyles\" data-wp-on--click=\"actions.showLightbox\" data-wp-on--load=\"callbacks.setButtonStyles\" data-wp-on-window--resize=\"callbacks.setButtonStyles\" src=\"https:\/\/buryskova.cz\/wp-content\/uploads\/2026\/01\/IMG_20180731_090940-300x169.jpg\" alt=\"\" class=\"wp-image-528\" srcset=\"https:\/\/buryskova.cz\/wp-content\/uploads\/2026\/01\/IMG_20180731_090940-300x169.jpg 300w, https:\/\/buryskova.cz\/wp-content\/uploads\/2026\/01\/IMG_20180731_090940-1024x576.jpg 1024w, https:\/\/buryskova.cz\/wp-content\/uploads\/2026\/01\/IMG_20180731_090940-768x432.jpg 768w, https:\/\/buryskova.cz\/wp-content\/uploads\/2026\/01\/IMG_20180731_090940-1536x864.jpg 1536w, https:\/\/buryskova.cz\/wp-content\/uploads\/2026\/01\/IMG_20180731_090940-2048x1152.jpg 2048w, https:\/\/buryskova.cz\/wp-content\/uploads\/2026\/01\/IMG_20180731_090940-18x10.jpg 18w, https:\/\/buryskova.cz\/wp-content\/uploads\/2026\/01\/IMG_20180731_090940-500x281.jpg 500w, https:\/\/buryskova.cz\/wp-content\/uploads\/2026\/01\/IMG_20180731_090940-800x450.jpg 800w, https:\/\/buryskova.cz\/wp-content\/uploads\/2026\/01\/IMG_20180731_090940-1280x720.jpg 1280w, https:\/\/buryskova.cz\/wp-content\/uploads\/2026\/01\/IMG_20180731_090940-1920x1080.jpg 1920w\" sizes=\"auto, (max-width: 300px) 100vw, 300px\" \/><button\n\t\t\tclass=\"lightbox-trigger\"\n\t\t\ttype=\"button\"\n\t\t\taria-haspopup=\"dialog\"\n\t\t\taria-label=\"Zv\u011bt\u0161it\"\n\t\t\tdata-wp-init=\"callbacks.initTriggerButton\"\n\t\t\tdata-wp-on--click=\"actions.showLightbox\"\n\t\t\tdata-wp-style--right=\"state.imageButtonRight\"\n\t\t\tdata-wp-style--top=\"state.imageButtonTop\"\n\t\t>\n\t\t\t<svg xmlns=\"http:\/\/www.w3.org\/2000\/svg\" width=\"12\" height=\"12\" fill=\"none\" viewBox=\"0 0 12 12\">\n\t\t\t\t<path fill=\"#fff\" d=\"M2 0a2 2 0 0 0-2 2v2h1.5V2a.5.5 0 0 1 .5-.5h2V0H2Zm2 10.5H2a.5.5 0 0 1-.5-.5V8H0v2a2 2 0 0 0 2 2h2v-1.5ZM8 12v-1.5h2a.5.5 0 0 0 .5-.5V8H12v2a2 2 0 0 1-2 2H8Zm2-12a2 2 0 0 1 2 2v2h-1.5V2a.5.5 0 0 0-.5-.5H8V0h2Z\" \/>\n\t\t\t<\/svg>\n\t\t<\/button><figcaption class=\"wp-element-caption\">Dynamick\u00fd mechanick\u00fd analyz\u00e1tor, na kter\u00e9m jsem v r\u00e1mci bakal\u00e1\u0159sk\u00e9 pr\u00e1ce m\u011b\u0159ila modul pru\u017enosti hydrogel\u016f<\/figcaption><\/figure>\n\n\n\n<p>V\u017edy m\u011b bavilo p\u0159em\u00fd\u0161let abstraktn\u00edm, av\u0161ak p\u0159\u00edsn\u011b analytick\u00fdm zp\u016fsobem. V dob\u011b sv\u00fdch gymnazi\u00e1ln\u00edch studi\u00ed jsem znala jen m\u00e1lo obor\u016f, kter\u00e9 by vyu\u017e\u00edvaly zp\u016fsob uva\u017eov\u00e1n\u00ed mne bl\u00edzk\u00fd. Proto jsem se p\u0159i v\u00fdb\u011bru sv\u00e9 prvn\u00ed vysok\u00e9 \u0161koly rozhodla pro Matematicko-fyzik\u00e1ln\u00ed fakultu Univerzity Karlovy. V r\u00e1mci t\u00e9to instituce jsem si vyzkou\u0161ela n\u011bkolik r\u016fzn\u00fdch podobor\u016f &#8211; a\u010d m\u00fdm hlavn\u00edm zam\u011b\u0159en\u00edm bylo vzd\u011bl\u00e1v\u00e1n\u00ed, p\u0159i\u010dichla jsem si i odborn\u00e9 pr\u00e1ci v laborato\u0159\u00edch chemick\u00e9 a materi\u00e1lov\u00e9 fyziky. B\u00e1d\u00e1n\u00ed v oblasti fyziky mne v\u0161ak nakonec tolik nenadchlo, proto jsem se neust\u00e1le rozhl\u00ed\u017eela i po jin\u00fdch mo\u017enostech, kudy se na sv\u00e9 studijn\u00ed \u010di profesn\u00ed dr\u00e1ze vydat.<\/p>\n<\/div>\n\n\n\n<div class=\"wp-block-group has-global-padding is-layout-constrained wp-block-group-is-layout-constrained\">\n<figure data-wp-context=\"{&quot;imageId&quot;:&quot;69f1ea983feaa&quot;}\" data-wp-interactive=\"core\/image\" data-wp-key=\"69f1ea983feaa\" class=\"wp-block-image alignleft size-medium is-style-rounded is-style-rounded--2 wp-lightbox-container\"><img loading=\"lazy\" decoding=\"async\" width=\"226\" height=\"300\" data-wp-class--hide=\"state.isContentHidden\" data-wp-class--show=\"state.isContentVisible\" data-wp-init=\"callbacks.setButtonStyles\" data-wp-on--click=\"actions.showLightbox\" data-wp-on--load=\"callbacks.setButtonStyles\" data-wp-on-window--resize=\"callbacks.setButtonStyles\" src=\"https:\/\/buryskova.cz\/wp-content\/uploads\/2025\/01\/image-3-226x300.png\" alt=\"\" class=\"wp-image-174\" style=\"object-fit:cover\" srcset=\"https:\/\/buryskova.cz\/wp-content\/uploads\/2025\/01\/image-3-226x300.png 226w, https:\/\/buryskova.cz\/wp-content\/uploads\/2025\/01\/image-3-500x664.png 500w, https:\/\/buryskova.cz\/wp-content\/uploads\/2025\/01\/image-3.png 688w\" sizes=\"auto, (max-width: 226px) 100vw, 226px\" \/><button\n\t\t\tclass=\"lightbox-trigger\"\n\t\t\ttype=\"button\"\n\t\t\taria-haspopup=\"dialog\"\n\t\t\taria-label=\"Zv\u011bt\u0161it\"\n\t\t\tdata-wp-init=\"callbacks.initTriggerButton\"\n\t\t\tdata-wp-on--click=\"actions.showLightbox\"\n\t\t\tdata-wp-style--right=\"state.imageButtonRight\"\n\t\t\tdata-wp-style--top=\"state.imageButtonTop\"\n\t\t>\n\t\t\t<svg xmlns=\"http:\/\/www.w3.org\/2000\/svg\" width=\"12\" height=\"12\" fill=\"none\" viewBox=\"0 0 12 12\">\n\t\t\t\t<path fill=\"#fff\" d=\"M2 0a2 2 0 0 0-2 2v2h1.5V2a.5.5 0 0 1 .5-.5h2V0H2Zm2 10.5H2a.5.5 0 0 1-.5-.5V8H0v2a2 2 0 0 0 2 2h2v-1.5ZM8 12v-1.5h2a.5.5 0 0 0 .5-.5V8H12v2a2 2 0 0 1-2 2H8Zm2-12a2 2 0 0 1 2 2v2h-1.5V2a.5.5 0 0 0-.5-.5H8V0h2Z\" \/>\n\t\t\t<\/svg>\n\t\t<\/button><figcaption class=\"wp-element-caption\">Pr\u00e1vnick\u00e1 fakulta &#8211; moje druh\u00e1 alma mater<\/figcaption><\/figure>\n\n\n\n<p class=\"has-text-align-left\">Tehdy padla volba na pr\u00e1vo, kter\u00e9 m\u011b v\u017edy p\u0159itahovalo svou organizovanost\u00ed, p\u0159edv\u00eddatelnost\u00ed a \u0161irokou \u0161k\u00e1lou praktick\u00e9ho vyu\u017eit\u00ed. Soub\u011b\u017en\u011b s navazuj\u00edc\u00edm magistersk\u00fdm studiem na MatFyzu jsem tedy nastoupila na Pr\u00e1vnickou fakultu Univerzity Karlovy. Hned v prvn\u00edm ro\u010dn\u00edku m\u011b nadchly p\u0159edm\u011bty Katedry ekonomie a empirick\u00fdch pr\u00e1vn\u00edch studi\u00ed &#8211; mo\u017enost vyu\u017e\u00edt mn\u011b ji\u017e zn\u00e1m\u00fd analytick\u00fd p\u0159\u00edstup k popisu spole\u010dnosti okolo n\u00e1s m\u011b nadchla. S nad\u0161en\u00edm jsem se zapojila do projekt\u016f katedry jako v\u00fdzkumn\u00e1 asistenka a nau\u010dila se z\u00e1klad\u016fm pr\u00e1ce s daty a akademick\u00e9ho psan\u00ed.<\/p>\n<\/div>\n\n\n\n<p>Po z\u00edsk\u00e1n\u00ed magistersk\u00e9ho titulu na Matematicko-fyzik\u00e1ln\u00ed fakult\u011b jsem si byla jista, \u017ee se v akademick\u00e9m prost\u0159ed\u00ed chci je\u0161t\u011b chv\u00edli zdr\u017eet a v\u011bnovat se v\u011bdeck\u00e9 pr\u00e1ci v n\u011bkter\u00e9m ze sv\u00fdch obor\u016f. A kdy\u017e jsem se doslechla o \u010desko-americk\u00e9m PhD programu Ekonomie a ekonometrie na CERGE-EI, bylo okam\u017eit\u011b rozhodnuto &#8211; p\u0159i\u0161lo mi, \u017ee kurikulum je \u0161it\u00e9 p\u0159\u00edmo mn\u011b na m\u00edru. <\/p>\n\n\n\n<div class=\"wp-block-group has-global-padding is-layout-constrained wp-block-group-is-layout-constrained\">\n<figure data-wp-context=\"{&quot;imageId&quot;:&quot;69f1ea98407da&quot;}\" data-wp-interactive=\"core\/image\" data-wp-key=\"69f1ea98407da\" class=\"wp-block-image alignright size-medium is-resized is-style-rounded is-style-rounded--3 wp-lightbox-container\"><img loading=\"lazy\" decoding=\"async\" width=\"300\" height=\"200\" data-wp-class--hide=\"state.isContentHidden\" data-wp-class--show=\"state.isContentVisible\" data-wp-init=\"callbacks.setButtonStyles\" data-wp-on--click=\"actions.showLightbox\" data-wp-on--load=\"callbacks.setButtonStyles\" data-wp-on-window--resize=\"callbacks.setButtonStyles\" src=\"https:\/\/buryskova.cz\/wp-content\/uploads\/2025\/06\/54554439057_e9df74d7cd_o-300x200.jpg\" alt=\"\" class=\"wp-image-450\" style=\"object-fit:cover;width:361px;height:auto\" srcset=\"https:\/\/buryskova.cz\/wp-content\/uploads\/2025\/06\/54554439057_e9df74d7cd_o-300x200.jpg 300w, https:\/\/buryskova.cz\/wp-content\/uploads\/2025\/06\/54554439057_e9df74d7cd_o-1024x683.jpg 1024w, https:\/\/buryskova.cz\/wp-content\/uploads\/2025\/06\/54554439057_e9df74d7cd_o-768x512.jpg 768w, https:\/\/buryskova.cz\/wp-content\/uploads\/2025\/06\/54554439057_e9df74d7cd_o-1536x1024.jpg 1536w, https:\/\/buryskova.cz\/wp-content\/uploads\/2025\/06\/54554439057_e9df74d7cd_o-2048x1365.jpg 2048w, https:\/\/buryskova.cz\/wp-content\/uploads\/2025\/06\/54554439057_e9df74d7cd_o-18x12.jpg 18w, https:\/\/buryskova.cz\/wp-content\/uploads\/2025\/06\/54554439057_e9df74d7cd_o-500x333.jpg 500w, https:\/\/buryskova.cz\/wp-content\/uploads\/2025\/06\/54554439057_e9df74d7cd_o-800x533.jpg 800w, https:\/\/buryskova.cz\/wp-content\/uploads\/2025\/06\/54554439057_e9df74d7cd_o-1280x853.jpg 1280w, https:\/\/buryskova.cz\/wp-content\/uploads\/2025\/06\/54554439057_e9df74d7cd_o-1920x1280.jpg 1920w\" sizes=\"auto, (max-width: 300px) 100vw, 300px\" \/><button\n\t\t\tclass=\"lightbox-trigger\"\n\t\t\ttype=\"button\"\n\t\t\taria-haspopup=\"dialog\"\n\t\t\taria-label=\"Zv\u011bt\u0161it\"\n\t\t\tdata-wp-init=\"callbacks.initTriggerButton\"\n\t\t\tdata-wp-on--click=\"actions.showLightbox\"\n\t\t\tdata-wp-style--right=\"state.imageButtonRight\"\n\t\t\tdata-wp-style--top=\"state.imageButtonTop\"\n\t\t>\n\t\t\t<svg xmlns=\"http:\/\/www.w3.org\/2000\/svg\" width=\"12\" height=\"12\" fill=\"none\" viewBox=\"0 0 12 12\">\n\t\t\t\t<path fill=\"#fff\" d=\"M2 0a2 2 0 0 0-2 2v2h1.5V2a.5.5 0 0 1 .5-.5h2V0H2Zm2 10.5H2a.5.5 0 0 1-.5-.5V8H0v2a2 2 0 0 0 2 2h2v-1.5ZM8 12v-1.5h2a.5.5 0 0 0 .5-.5V8H12v2a2 2 0 0 1-2 2H8Zm2-12a2 2 0 0 1 2 2v2h-1.5V2a.5.5 0 0 0-.5-.5H8V0h2Z\" \/>\n\t\t\t<\/svg>\n\t\t<\/button><figcaption class=\"wp-element-caption\">CERGE-EI, moje sou\u010dasn\u00e9 p\u016fsobi\u0161t\u011b<\/figcaption><\/figure>\n\n\n\n<p>A tak jsem se v z\u00e1\u0159\u00ed 2022 stala doktorandkou. Na CERGE-EI m\u011b uv\u00edtal skv\u011bl\u00fd mezin\u00e1rodn\u00ed kolektiv spolu\u017e\u00e1k\u016f a profesor\u016f, vych\u00e1zej\u00edc\u00edch a ji\u017e z\u00e1\u0159\u00edc\u00edch hv\u011bzd ekonomick\u00e9ho nebe. B\u011bhem prvn\u00edch dvou let studia jsem nahl\u00e9dla pod pokli\u010dku \u0159ady podobor\u016f t\u00e9to v\u011bdy a nejv\u00edce mne zaujaly oblasti behavior\u00e1ln\u00ed ekonomie, informa\u010dn\u00ed ekonomie a ekonomie zdravotn\u00edho sektoru. <\/p>\n<\/div>\n\n\n\n<figure data-wp-context=\"{&quot;imageId&quot;:&quot;69f1ea984109d&quot;}\" data-wp-interactive=\"core\/image\" data-wp-key=\"69f1ea984109d\" class=\"wp-block-image alignleft size-medium is-resized is-style-rounded is-style-rounded--4 wp-lightbox-container\"><img loading=\"lazy\" decoding=\"async\" width=\"300\" height=\"226\" data-wp-class--hide=\"state.isContentHidden\" data-wp-class--show=\"state.isContentVisible\" data-wp-init=\"callbacks.setButtonStyles\" data-wp-on--click=\"actions.showLightbox\" data-wp-on--load=\"callbacks.setButtonStyles\" data-wp-on-window--resize=\"callbacks.setButtonStyles\" src=\"https:\/\/buryskova.cz\/wp-content\/uploads\/2025\/06\/photo1-300x226.jpg\" alt=\"\" class=\"wp-image-452\" style=\"object-fit:cover;width:339px;height:auto\" srcset=\"https:\/\/buryskova.cz\/wp-content\/uploads\/2025\/06\/photo1-300x226.jpg 300w, https:\/\/buryskova.cz\/wp-content\/uploads\/2025\/06\/photo1-1024x771.jpg 1024w, https:\/\/buryskova.cz\/wp-content\/uploads\/2025\/06\/photo1-768x578.jpg 768w, https:\/\/buryskova.cz\/wp-content\/uploads\/2025\/06\/photo1-1536x1157.jpg 1536w, https:\/\/buryskova.cz\/wp-content\/uploads\/2025\/06\/photo1-2048x1542.jpg 2048w, https:\/\/buryskova.cz\/wp-content\/uploads\/2025\/06\/photo1-16x12.jpg 16w, https:\/\/buryskova.cz\/wp-content\/uploads\/2025\/06\/photo1-500x376.jpg 500w, https:\/\/buryskova.cz\/wp-content\/uploads\/2025\/06\/photo1-800x602.jpg 800w, https:\/\/buryskova.cz\/wp-content\/uploads\/2025\/06\/photo1-1280x964.jpg 1280w, https:\/\/buryskova.cz\/wp-content\/uploads\/2025\/06\/photo1-1920x1446.jpg 1920w\" sizes=\"auto, (max-width: 300px) 100vw, 300px\" \/><button\n\t\t\tclass=\"lightbox-trigger\"\n\t\t\ttype=\"button\"\n\t\t\taria-haspopup=\"dialog\"\n\t\t\taria-label=\"Zv\u011bt\u0161it\"\n\t\t\tdata-wp-init=\"callbacks.initTriggerButton\"\n\t\t\tdata-wp-on--click=\"actions.showLightbox\"\n\t\t\tdata-wp-style--right=\"state.imageButtonRight\"\n\t\t\tdata-wp-style--top=\"state.imageButtonTop\"\n\t\t>\n\t\t\t<svg xmlns=\"http:\/\/www.w3.org\/2000\/svg\" width=\"12\" height=\"12\" fill=\"none\" viewBox=\"0 0 12 12\">\n\t\t\t\t<path fill=\"#fff\" d=\"M2 0a2 2 0 0 0-2 2v2h1.5V2a.5.5 0 0 1 .5-.5h2V0H2Zm2 10.5H2a.5.5 0 0 1-.5-.5V8H0v2a2 2 0 0 0 2 2h2v-1.5ZM8 12v-1.5h2a.5.5 0 0 0 .5-.5V8H12v2a2 2 0 0 1-2 2H8Zm2-12a2 2 0 0 1 2 2v2h-1.5V2a.5.5 0 0 0-.5-.5H8V0h2Z\" \/>\n\t\t\t<\/svg>\n\t\t<\/button><figcaption class=\"wp-element-caption\">V\u00fdzkumn\u00fd pobyt na UC Berkeley<\/figcaption><\/figure>\n\n\n\n<p>V sou\u010dasn\u00e9 dob\u011b pracuji na n\u011bkolika vlastn\u00edch projektech a jako v\u00fdzkumn\u00e1 asistentka pom\u00e1h\u00e1m \u010dlen\u016fm fakulty. S nad\u0161en\u00edm t\u00e9\u017e vedu cvi\u010den\u00ed pro studenty ni\u017e\u0161\u00edch ro\u010dn\u00edk\u016f. M\u00fdm hlavn\u00edm \u0161kolitelem je Filip Mat\u011bjka.<\/p>\n\n\n\n<div class=\"wp-block-group is-nowrap is-layout-flex wp-container-core-group-is-layout-6c531013 wp-block-group-is-layout-flex\">\n<p>Jaro 2025 jsem str\u00e1vila ve spojen\u00fdch st\u00e1tech na University of California in Berkeley, m\u00fdm hostitelem byl Jonatan Kolstad.<\/p>\n<\/div>\n<\/div>\n","protected":false},"excerpt":{"rendered":"<p>St\u00e1hn\u011bte si m\u016fj \u017eivotopis. V\u017edy m\u011b bavilo p\u0159em\u00fd\u0161let abstraktn\u00edm, av\u0161ak p\u0159\u00edsn\u011b analytick\u00fdm zp\u016fsobem. V dob\u011b sv\u00fdch gymnazi\u00e1ln\u00edch studi\u00ed jsem znala jen m\u00e1lo obor\u016f, kter\u00e9 by vyu\u017e\u00edvaly zp\u016fsob uva\u017eov\u00e1n\u00ed mne bl\u00edzk\u00fd. Proto jsem se p\u0159i v\u00fdb\u011bru sv\u00e9 prvn\u00ed vysok\u00e9 \u0161koly rozhodla pro Matematicko-fyzik\u00e1ln\u00ed fakultu Univerzity Karlovy. V r\u00e1mci t\u00e9to instituce jsem si vyzkou\u0161ela n\u011bkolik r\u016fzn\u00fdch podobor\u016f [&hellip;]<\/p>\n","protected":false},"author":1,"featured_media":0,"parent":0,"menu_order":0,"comment_status":"closed","ping_status":"closed","template":"","meta":{"footnotes":""},"class_list":["post-18","page","type-page","status-publish","hentry"],"yoast_head":"<!-- This site is optimized with the Yoast SEO plugin v24.3 - https:\/\/yoast.com\/wordpress\/plugins\/seo\/ -->\n<title>Tereza Bur\u00fd\u0161kov\u00e1<\/title>\n<meta name=\"robots\" content=\"index, follow, max-snippet:-1, max-image-preview:large, max-video-preview:-1\" \/>\n<link rel=\"canonical\" href=\"https:\/\/buryskova.cz\/cz\/bio\/\" \/>\n<meta property=\"og:locale\" content=\"cs_CZ\" \/>\n<meta property=\"og:type\" content=\"article\" \/>\n<meta property=\"og:title\" content=\"Tereza Bur\u00fd\u0161kov\u00e1\" \/>\n<meta property=\"og:description\" content=\"St\u00e1hn\u011bte si m\u016fj \u017eivotopis. V\u017edy m\u011b bavilo p\u0159em\u00fd\u0161let abstraktn\u00edm, av\u0161ak p\u0159\u00edsn\u011b analytick\u00fdm zp\u016fsobem. V dob\u011b sv\u00fdch gymnazi\u00e1ln\u00edch studi\u00ed jsem znala jen m\u00e1lo obor\u016f, kter\u00e9 by vyu\u017e\u00edvaly zp\u016fsob uva\u017eov\u00e1n\u00ed mne bl\u00edzk\u00fd. Proto jsem se p\u0159i v\u00fdb\u011bru sv\u00e9 prvn\u00ed vysok\u00e9 \u0161koly rozhodla pro Matematicko-fyzik\u00e1ln\u00ed fakultu Univerzity Karlovy. V r\u00e1mci t\u00e9to instituce jsem si vyzkou\u0161ela n\u011bkolik r\u016fzn\u00fdch podobor\u016f [&hellip;]\" \/>\n<meta property=\"og:url\" content=\"https:\/\/buryskova.cz\/cz\/bio\/\" \/>\n<meta property=\"og:site_name\" content=\"Tereza Bur\u00fd\u0161kov\u00e1\" \/>\n<meta property=\"article:modified_time\" content=\"2026-04-24T07:47:31+00:00\" \/>\n<meta property=\"og:image\" content=\"https:\/\/buryskova.cz\/wp-content\/uploads\/2026\/01\/IMG_20180731_090940-300x169.jpg\" \/>\n<meta name=\"twitter:card\" content=\"summary_large_image\" \/>\n<meta name=\"twitter:label1\" content=\"Odhadovan\u00e1 doba \u010dten\u00ed\" \/>\n\t<meta name=\"twitter:data1\" content=\"3 minuty\" \/>\n<script type=\"application\/ld+json\" class=\"yoast-schema-graph\">{\"@context\":\"https:\/\/schema.org\",\"@graph\":[{\"@type\":\"WebPage\",\"@id\":\"https:\/\/buryskova.cz\/en\/bio\/\",\"url\":\"https:\/\/buryskova.cz\/en\/bio\/\",\"name\":\"Tereza Bur\u00fd\u0161kov\u00e1\",\"isPartOf\":{\"@id\":\"https:\/\/buryskova.cz\/cz\/#website\"},\"primaryImageOfPage\":{\"@id\":\"https:\/\/buryskova.cz\/en\/bio\/#primaryimage\"},\"image\":{\"@id\":\"https:\/\/buryskova.cz\/en\/bio\/#primaryimage\"},\"thumbnailUrl\":\"https:\/\/buryskova.cz\/wp-content\/uploads\/2026\/01\/IMG_20180731_090940-300x169.jpg\",\"datePublished\":\"2024-12-26T23:58:37+00:00\",\"dateModified\":\"2026-04-24T07:47:31+00:00\",\"breadcrumb\":{\"@id\":\"https:\/\/buryskova.cz\/en\/bio\/#breadcrumb\"},\"inLanguage\":\"cs\",\"potentialAction\":[{\"@type\":\"ReadAction\",\"target\":[\"https:\/\/buryskova.cz\/en\/bio\/\"]}]},{\"@type\":\"ImageObject\",\"inLanguage\":\"cs\",\"@id\":\"https:\/\/buryskova.cz\/en\/bio\/#primaryimage\",\"url\":\"https:\/\/buryskova.cz\/wp-content\/uploads\/2026\/01\/IMG_20180731_090940-300x169.jpg\",\"contentUrl\":\"https:\/\/buryskova.cz\/wp-content\/uploads\/2026\/01\/IMG_20180731_090940-300x169.jpg\"},{\"@type\":\"BreadcrumbList\",\"@id\":\"https:\/\/buryskova.cz\/en\/bio\/#breadcrumb\",\"itemListElement\":[{\"@type\":\"ListItem\",\"position\":1,\"name\":\"Dom\u016f\",\"item\":\"https:\/\/buryskova.cz\/cz\/\"},{\"@type\":\"ListItem\",\"position\":2,\"name\":\"O mn\u011b\"}]},{\"@type\":\"WebSite\",\"@id\":\"https:\/\/buryskova.cz\/cz\/#website\",\"url\":\"https:\/\/buryskova.cz\/cz\/\",\"name\":\"Tereza Bur\u00fd\u0161kov\u00e1\",\"description\":\"Akademick\u00e9 str\u00e1nky\",\"potentialAction\":[{\"@type\":\"SearchAction\",\"target\":{\"@type\":\"EntryPoint\",\"urlTemplate\":\"https:\/\/buryskova.cz\/cz\/?s={search_term_string}\"},\"query-input\":{\"@type\":\"PropertyValueSpecification\",\"valueRequired\":true,\"valueName\":\"search_term_string\"}}],\"inLanguage\":\"cs\"}]}<\/script>\n<!-- \/ Yoast SEO plugin. -->","yoast_head_json":{"title":"Tereza Bur\u00fd\u0161kov\u00e1","robots":{"index":"index","follow":"follow","max-snippet":"max-snippet:-1","max-image-preview":"max-image-preview:large","max-video-preview":"max-video-preview:-1"},"canonical":"https:\/\/buryskova.cz\/cz\/bio\/","og_locale":"cs_CZ","og_type":"article","og_title":"Tereza Bur\u00fd\u0161kov\u00e1","og_description":"St\u00e1hn\u011bte si m\u016fj \u017eivotopis. V\u017edy m\u011b bavilo p\u0159em\u00fd\u0161let abstraktn\u00edm, av\u0161ak p\u0159\u00edsn\u011b analytick\u00fdm zp\u016fsobem. V dob\u011b sv\u00fdch gymnazi\u00e1ln\u00edch studi\u00ed jsem znala jen m\u00e1lo obor\u016f, kter\u00e9 by vyu\u017e\u00edvaly zp\u016fsob uva\u017eov\u00e1n\u00ed mne bl\u00edzk\u00fd. Proto jsem se p\u0159i v\u00fdb\u011bru sv\u00e9 prvn\u00ed vysok\u00e9 \u0161koly rozhodla pro Matematicko-fyzik\u00e1ln\u00ed fakultu Univerzity Karlovy. V r\u00e1mci t\u00e9to instituce jsem si vyzkou\u0161ela n\u011bkolik r\u016fzn\u00fdch podobor\u016f [&hellip;]","og_url":"https:\/\/buryskova.cz\/cz\/bio\/","og_site_name":"Tereza Bur\u00fd\u0161kov\u00e1","article_modified_time":"2026-04-24T07:47:31+00:00","og_image":[{"url":"https:\/\/buryskova.cz\/wp-content\/uploads\/2026\/01\/IMG_20180731_090940-300x169.jpg","type":"","width":"","height":""}],"twitter_card":"summary_large_image","twitter_misc":{"Odhadovan\u00e1 doba \u010dten\u00ed":"3 minuty"},"schema":{"@context":"https:\/\/schema.org","@graph":[{"@type":"WebPage","@id":"https:\/\/buryskova.cz\/en\/bio\/","url":"https:\/\/buryskova.cz\/en\/bio\/","name":"Tereza Bur\u00fd\u0161kov\u00e1","isPartOf":{"@id":"https:\/\/buryskova.cz\/cz\/#website"},"primaryImageOfPage":{"@id":"https:\/\/buryskova.cz\/en\/bio\/#primaryimage"},"image":{"@id":"https:\/\/buryskova.cz\/en\/bio\/#primaryimage"},"thumbnailUrl":"https:\/\/buryskova.cz\/wp-content\/uploads\/2026\/01\/IMG_20180731_090940-300x169.jpg","datePublished":"2024-12-26T23:58:37+00:00","dateModified":"2026-04-24T07:47:31+00:00","breadcrumb":{"@id":"https:\/\/buryskova.cz\/en\/bio\/#breadcrumb"},"inLanguage":"cs","potentialAction":[{"@type":"ReadAction","target":["https:\/\/buryskova.cz\/en\/bio\/"]}]},{"@type":"ImageObject","inLanguage":"cs","@id":"https:\/\/buryskova.cz\/en\/bio\/#primaryimage","url":"https:\/\/buryskova.cz\/wp-content\/uploads\/2026\/01\/IMG_20180731_090940-300x169.jpg","contentUrl":"https:\/\/buryskova.cz\/wp-content\/uploads\/2026\/01\/IMG_20180731_090940-300x169.jpg"},{"@type":"BreadcrumbList","@id":"https:\/\/buryskova.cz\/en\/bio\/#breadcrumb","itemListElement":[{"@type":"ListItem","position":1,"name":"Dom\u016f","item":"https:\/\/buryskova.cz\/cz\/"},{"@type":"ListItem","position":2,"name":"O mn\u011b"}]},{"@type":"WebSite","@id":"https:\/\/buryskova.cz\/cz\/#website","url":"https:\/\/buryskova.cz\/cz\/","name":"Tereza Bur\u00fd\u0161kov\u00e1","description":"Akademick\u00e9 str\u00e1nky","potentialAction":[{"@type":"SearchAction","target":{"@type":"EntryPoint","urlTemplate":"https:\/\/buryskova.cz\/cz\/?s={search_term_string}"},"query-input":{"@type":"PropertyValueSpecification","valueRequired":true,"valueName":"search_term_string"}}],"inLanguage":"cs"}]}},"_links":{"self":[{"href":"https:\/\/buryskova.cz\/cz\/wp-json\/wp\/v2\/pages\/18","targetHints":{"allow":["GET"]}}],"collection":[{"href":"https:\/\/buryskova.cz\/cz\/wp-json\/wp\/v2\/pages"}],"about":[{"href":"https:\/\/buryskova.cz\/cz\/wp-json\/wp\/v2\/types\/page"}],"author":[{"embeddable":true,"href":"https:\/\/buryskova.cz\/cz\/wp-json\/wp\/v2\/users\/1"}],"replies":[{"embeddable":true,"href":"https:\/\/buryskova.cz\/cz\/wp-json\/wp\/v2\/comments?post=18"}],"version-history":[{"count":34,"href":"https:\/\/buryskova.cz\/cz\/wp-json\/wp\/v2\/pages\/18\/revisions"}],"predecessor-version":[{"id":563,"href":"https:\/\/buryskova.cz\/cz\/wp-json\/wp\/v2\/pages\/18\/revisions\/563"}],"wp:attachment":[{"href":"https:\/\/buryskova.cz\/cz\/wp-json\/wp\/v2\/media?parent=18"}],"curies":[{"name":"wp","href":"https:\/\/api.w.org\/{rel}","templated":true}]}}